{"id":972,"date":"2022-06-08T13:28:35","date_gmt":"2022-06-08T13:28:35","guid":{"rendered":"https:\/\/oleron.agence-web-la-rochelle.net\/?page_id=972"},"modified":"2022-07-04T09:54:20","modified_gmt":"2022-07-04T09:54:20","slug":"mentions-legales","status":"publish","type":"page","link":"https:\/\/www.explore-oleron.com\/en\/mentions-legales\/","title":{"rendered":"Legal notice"},"content":{"rendered":"<div class=\"wpb-content-wrapper\"><p>[vc_row full_width=&#8221;stretch_row_content&#8221;][vc_column][vc_empty_space height=&#8221;50px&#8221;][vc_single_image image=&#8221;194&#8243; img_size=&#8221;full&#8221;][vc_empty_space height=&#8221;50px&#8221;][\/vc_column][\/vc_row][vc_row][vc_column width=&#8221;1\/2&#8243;][vc_column_text]<\/p>\n<h2><span class=\"blue\" style=\"color: #00a399; font-weight: bold;\">\u00c9diteur du site<\/span><\/h2>\n<p>Ce site est \u00e9dit\u00e9 par la communaut\u00e9 de communes de l\u2019\u00eele d\u2019Ol\u00e9ron, dont le si\u00e8ge social est bas\u00e9 : 59 route des All\u00e9es \u2013 17310 Saint Pierre d\u2019Ol\u00e9ron \u2013 T\u00e9l : 05.46.47.24.68 \u2013 Courriel : accueil@cdc-oleron.fr.<br \/>\nLe responsable de la publication est Monsieur Michel PARENT, Pr\u00e9sident de de la communaut\u00e9 de communes de l\u2019\u00eele d\u2019Ol\u00e9ron. Le site est aliment\u00e9 par le service mus\u00e9es et patrimoines de la CdC.<\/p>\n<h2><span class=\"blue\" style=\"color: #00a399; font-weight: bold;\">R\u00e9alisation du site et h\u00e9bergement<\/span><\/h2>\n<p><strong>Identit\u00e9 visuelle\u00a0:<\/strong> <a href=\"https:\/\/www.seelab.fr\/\">https:\/\/www.seelab.fr\/<\/a><\/p>\n<p><strong>Cr\u00e9ation et d\u00e9veloppement web\u00a0:<\/strong> <a href=\"https:\/\/www.123simone.com\/\">https:\/\/www.123simone.com\/<\/a> &amp;<br \/>\n<a href=\"https:\/\/www.studiovitamine.com\/\">https:\/\/www.studiovitamine.com\/<\/a><\/p>\n<p><strong>H\u00e9bergement :<\/strong> <strong>O2 Switch<\/strong> &#8211; 222 Bd Gustave Flaubert, 63000 Clermont-Ferrand[\/vc_column_text][\/vc_column][vc_column width=&#8221;1\/2&#8243;][vc_single_image image=&#8221;347&#8243; img_size=&#8221;large&#8221;][\/vc_column][\/vc_row][vc_row][vc_column width=&#8221;1\/2&#8243;][vc_column_text]<\/p>\n<h2><span class=\"blue\" style=\"color: #00a399; font-weight: bold;\">Droits d\u2019auteur \u2013 copyright<\/span><\/h2>\n<p>L\u2019ensemble de ce site rel\u00e8ve de la l\u00e9gislation fran\u00e7aise et internationale sur le droit d\u2019auteur et la propri\u00e9t\u00e9 intellectuelle, aussi bien pour la forme (arborescence du site, organisation des pages&#8230;) que pour le contenu (textes, images, photographies, iconographies\u2026).<\/p>\n<p>Tous droits de reproduction sont r\u00e9serv\u00e9s, y compris pour les documents photographiques. La reproduction de tout ou partie de ce site sur un support \u00e9lectronique quel qu\u2019il soit, ainsi que toute utilisation des visuels et textes qu\u2019il contient autre que pour la consultation individuelle et priv\u00e9e est formellement interdite sauf autorisation expresse du responsable de la publication.<\/p>\n<p>Toutes les reproductions, de tout ou partie de ce site, (documents t\u00e9l\u00e9chargeables, repr\u00e9sentations iconographiques et photographiques) sont formellement interdites sauf autorisation expresse du responsable de la publication. L\u2019atteinte \u00e0 l\u2019un de ses droits constitue un d\u00e9lit p\u00e9nal de contrefa\u00e7on (article L 335-1 \u00e0 335-10 du Code de la propri\u00e9t\u00e9 intellectuelle) et est passible d\u2019une peine d\u2019emprisonnement de deux ans et de 150 000 euros d\u2019amende.<\/p>\n<p>&nbsp;<\/p>\n<h2><span class=\"blue\" style=\"color: #00a399; font-weight: bold;\">Mise \u00e0 disposition des informations<\/span><\/h2>\n<p>Les informations publi\u00e9es sont v\u00e9rifi\u00e9es de mani\u00e8re r\u00e9guli\u00e8re, mais sont pr\u00e9sentes \u00e0 titre informatif et non contractuelle. Le responsable de la publication d\u00e9cline toute responsabilit\u00e9 en cas d\u2019erreur ou d\u2019omission. Pour signaler une erreur ou effectuer une demande de rectification, vous pouvez contacter le responsable de la publication (par courrier, courriel ou en utilisant le formulaire de contact).<\/p>\n<p>Il appartient \u00e0 l\u2019internaute de prot\u00e9ger ses propres donn\u00e9es et\/ou logiciels de la contamination par d\u2019\u00e9ventuels virus circulant sur le r\u00e9seau Internet. Le responsable de la publication ne peut \u00eatre tenu pour responsable d\u2019\u00e9ventuels dommages survenus lors de la consultation de ce site internet.<\/p>\n<p>&nbsp;<\/p>\n<p>&nbsp;<\/p>\n<h2><span class=\"blue\" style=\"color: #00a399; font-weight: bold;\">Droit d\u2019acc\u00e8s, de rectification et de d\u00e9r\u00e9f\u00e9rencement de vos donn\u00e9es<\/span><\/h2>\n<p>En application de la r\u00e9glementation applicable aux donn\u00e9es \u00e0 caract\u00e8re personnel, les utilisateurs disposent des droits suivants :<\/p>\n<ul>\n<li>Le droit d\u2019acc\u00e8s : ils peuvent exercer leur droit d\u2019acc\u00e8s, pour conna\u00eetre les donn\u00e9es personnelles les concernant, en \u00e9crivant \u00e0 l\u2019adresse \u00e9lectronique suivante. Dans ce cas, avant la mise en \u0153uvre de ce droit, la Plateforme peut demander une preuve de l\u2019identit\u00e9 de l\u2019utilisateur afin d\u2019en v\u00e9rifier l\u2019exactitude.<\/li>\n<li>Le droit de rectification : si les donn\u00e9es \u00e0 caract\u00e8re personnel d\u00e9tenues par la Plateforme sont inexactes, ils peuvent demander la mise \u00e0 jour des informations.<\/li>\n<li>Le droit de suppression des donn\u00e9es : les utilisateurs peuvent demander la suppression de leurs donn\u00e9es \u00e0 caract\u00e8re personnel, conform\u00e9ment aux lois applicables en mati\u00e8re de protection des donn\u00e9es.<\/li>\n<li>Le droit \u00e0 la limitation du traitement : les utilisateurs peuvent demander \u00e0 la Plateforme de limiter le traitement des donn\u00e9es personnelles conform\u00e9ment aux hypoth\u00e8ses pr\u00e9vues par le RGPD.<\/li>\n<li>Le droit de s\u2019opposer au traitement des donn\u00e9es : les utilisateurs peuvent s\u2019opposer \u00e0 ce que ses donn\u00e9es soient trait\u00e9es conform\u00e9ment aux hypoth\u00e8ses pr\u00e9vues par le RGPD.<\/li>\n<li>Le droit \u00e0 la portabilit\u00e9 : ils peuvent r\u00e9clamer que la Plateforme leur remet les donn\u00e9es personnelles qui lui ont fourni pour les transmettre \u00e0 une nouvelle Plateforme.<\/li>\n<\/ul>\n<p>Vous pouvez exercer ce droit en nous contactant par email, \u00e0 l\u2019adresse : <a href=\"mailto:accueil@cdc-oleron.fr\">accueil@cdc-oleron.fr<\/a><\/p>\n<p>Toute demande par mail ou par courrier doit \u00eatre accompagn\u00e9e de la photocopie d\u2019un titre d\u2019identit\u00e9. en cours de validit\u00e9 sign\u00e9 et faire mention de l\u2019adresse \u00e0 laquelle l\u2019\u00e9diteur pourra contacter le demandeur. La r\u00e9ponse sera adress\u00e9e dans le mois suivant la r\u00e9ception de la demande. Ce d\u00e9lai d\u2019un mois peut \u00eatre prolong\u00e9 de deux mois si la complexit\u00e9 de la demande et\/ou le nombre de demandes l\u2019exigent.<\/p>\n<p>De plus, et depuis la loi n\u00b02016-1321 du 7 octobre 2016, les personnes qui le souhaitent, ont la possibilit\u00e9 d\u2019organiser le sort de leurs donn\u00e9es apr\u00e8s leur d\u00e9c\u00e8s. Pour plus d\u2019information sur le sujet, vous pouvez consulter le site Internet de la CNIL\u00a0:\u00a0<a href=\"https:\/\/www.cnil.fr\/\">https:\/\/www.cnil.fr\/<\/a>.<br \/>\nLes utilisateurs peuvent aussi introduire une r\u00e9clamation aupr\u00e8s de la CNIL sur le site de la CNIL\u00a0:\u00a0<a href=\"https:\/\/www.cnil.fr\">https:\/\/www.cnil.fr<\/a>.\u00a0 Nous vous recommandons de de nous contacter un premier temps le contact au sein de la Plateforme avant de d\u00e9poser une r\u00e9clamation aupr\u00e8s de la CNIL, car nous sommes \u00e0 votre enti\u00e8re disposition pour r\u00e9gler votre probl\u00e8me.[\/vc_column_text][\/vc_column][vc_column width=&#8221;1\/2&#8243;][vc_column_text]<\/p>\n<h2><span class=\"blue\" style=\"color: #00a399; font-weight: bold;\">Liens hypertextes<\/span><\/h2>\n<p>Les liens hypertextes vers d\u2019autres sites sont donn\u00e9s \u00e0 titre indicatif et ne peuvent engager la responsabilit\u00e9 du responsable de la publication, que ce soit en terme de contenus que de conditions d\u2019acc\u00e8s. En outre, les personnes physiques ou morales d\u00e9sireuses de mettre en place un ou plusieurs liens vers une ou plusieurs pages du pr\u00e9sent site doivent en informer le responsable de la publication. De mani\u00e8re g\u00e9n\u00e9rale, les liens hypertexte renvoyant vers le pr\u00e9sent site doivent g\u00e9n\u00e9rer l\u2019ouverture d\u2019une nouvelle fen\u00eatre de navigateur, et montrer l\u2019adresse compl\u00e8te de la page affich\u00e9e.<\/p>\n<p>&nbsp;<\/p>\n<h2><span class=\"blue\" style=\"color: #00a399; font-weight: bold;\">Utilisation des donn\u00e9es personnelles collect\u00e9es<\/span><\/h2>\n<p>Vos donn\u00e9es sont collect\u00e9es par\u00a0la communaut\u00e9 de communes de l\u2019Ile d\u2019Ol\u00e9ron.<br \/>\nUne donn\u00e9e \u00e0 caract\u00e8re personnel d\u00e9signe toute information concernant une personne physique identifi\u00e9e ou identifiable (personne concern\u00e9e) ; est r\u00e9put\u00e9e identifiable une personne qui peut \u00eatre identifi\u00e9e, directement ou indirectement, notamment par r\u00e9f\u00e9rence \u00e0 un nom, un num\u00e9ro d\u2019identification ou \u00e0 un ou plusieurs \u00e9l\u00e9ments sp\u00e9cifiques, propres \u00e0 son identit\u00e9 physique, physiologique, g\u00e9n\u00e9tique, psychique, \u00e9conomique, culturelle ou sociale.<\/p>\n<p>Les informations personnelles pouvant \u00eatre recueillies sur le site sont principalement utilis\u00e9es par l\u2019\u00e9diteur pour la gestion des relations avec vous, et le cas \u00e9ch\u00e9ant pour le traitement de vos demandes. Les donn\u00e9es personnelles sont stock\u00e9es en France, ne sont pas utilis\u00e9es \u00e0 titre commercial, ni revendues. Elles ne sont pas transmises \u00e0 des prestataires externes.<br \/>\nLa dur\u00e9e de stockage de vos donn\u00e9es pour le formulaire de contact est de 5 ans. Si vous avez laiss\u00e9 des commentaires sur le site, vous pouvez demander \u00e0 recevoir un fichier contenant toutes les donn\u00e9es personnelles que nous poss\u00e9dons \u00e0 votre sujet, incluant celles que vous nous avez fournies.<\/p>\n<p>Vous pouvez \u00e9galement demander la suppression des donn\u00e9es personnelles vous concernant. Cela ne prend pas en compte les donn\u00e9es stock\u00e9es \u00e0 des fins administratives, l\u00e9gales ou pour des raisons de s\u00e9curit\u00e9.<br \/>\nLes donn\u00e9es personnelles collect\u00e9es sont les suivantes :<\/p>\n<ul>\n<li>Nom et pr\u00e9nom<\/li>\n<li>Adresse mail<\/li>\n<li>Adresse IP<\/li>\n<li>T\u00e9l\u00e9phone<\/li>\n<\/ul>\n<p>&nbsp;<\/p>\n<h2><span class=\"blue\" style=\"color: #00a399; font-weight: bold;\">Cookies<\/span><\/h2>\n<p>Un \u00ab Cookie \u00bb ou traceur est un fichier \u00e9lectronique d\u00e9pos\u00e9 sur un terminal (ordinateur, tablette, smartphone,\u2026) et lu par exemple lors de la consultation d\u2019un site internet, de la lecture d\u2019un courrier \u00e9lectronique, de l\u2019installation ou de l\u2019utilisation d\u2019un logiciel ou d\u2019une application mobile et ce quel que soit le type de terminal utilis\u00e9 (source :\u00a0<a href=\"https:\/\/www.cnil.fr\/fr\/cookies-traceurs-que-dit-la-loi\">https:\/\/www.cnil.fr\/fr\/cookies-traceurs-que-dit-la-loi<\/a> ).<\/p>\n<p>En naviguant sur ce site, des \u00ab cookies \u00bb \u00e9manant de la soci\u00e9t\u00e9 responsable du site concern\u00e9 et\/ou des soci\u00e9t\u00e9s tiers pourront \u00eatre d\u00e9pos\u00e9s sur votre terminal. Lors de la premi\u00e8re navigation sur ce site, une banni\u00e8re explicative sur l\u2019utilisation des \u00ab cookies \u00bb appara\u00eetra. D\u00e8s lors, en poursuivant la navigation, le client et\/ou prospect sera r\u00e9put\u00e9 inform\u00e9 et avoir accept\u00e9 l\u2019utilisation desdits \u00ab cookies \u00bb. Le consentement donn\u00e9 sera valable pour une p\u00e9riode de treize (13) mois. L\u2019utilisateur a la possibilit\u00e9 de d\u00e9sactiver les cookies \u00e0 partir des param\u00e8tres de son navigateur ou \u00e0 l\u2019aide du bandeau explicatif.<\/p>\n<p>Toutes les informations collect\u00e9es ne seront utilis\u00e9es que pour suivre le volume, le type et la configuration du trafic utilisant ce site, pour en d\u00e9velopper la conception et l\u2019agencement et \u00e0 d\u2019autres fins administratives et de planification et plus g\u00e9n\u00e9ralement pour am\u00e9liorer le service que nous vous offrons.[\/vc_column_text][\/vc_column][\/vc_row]<\/p>\n<\/div>","protected":false},"excerpt":{"rendered":"<p>[vc_row full_width=&#8221;stretch_row_content&#8221;][vc_column][vc_empty_space height=&#8221;50px&#8221;][vc_single_image image=&#8221;194&#8243; img_size=&#8221;full&#8221;][vc_empty_space height=&#8221;50px&#8221;][\/vc_column][\/vc_row][vc_row][vc_column width=&#8221;1\/2&#8243;][vc_column_text] \u00c9diteur du site Ce site est \u00e9dit\u00e9 par la communaut\u00e9 de [&hellip;]<\/p>\n","protected":false},"author":1,"featured_media":0,"parent":0,"menu_order":0,"comment_status":"closed","ping_status":"closed","template":"","meta":{"_acf_changed":false,"footnotes":""},"class_list":["post-972","page","type-page","status-publish","hentry"],"acf":[],"yoast_head":"<!-- This site is optimized with the Yoast SEO plugin v27.4 - https:\/\/yoast.com\/product\/yoast-seo-wordpress\/ -->\n<title>Legal notice - Explore Ol\u00e9ron<\/title>\n<meta name=\"robots\" content=\"index, follow, max-snippet:-1, max-image-preview:large, max-video-preview:-1\" \/>\n<link rel=\"canonical\" href=\"https:\/\/www.explore-oleron.com\/en\/mentions-legales\/\" \/>\n<meta property=\"og:locale\" content=\"en_US\" \/>\n<meta property=\"og:type\" content=\"article\" \/>\n<meta property=\"og:title\" content=\"Legal notice - Explore Ol\u00e9ron\" \/>\n<meta property=\"og:description\" content=\"[vc_row full_width=&#8221;stretch_row_content&#8221;][vc_column][vc_empty_space height=&#8221;50px&#8221;][vc_single_image image=&#8221;194&#8243; img_size=&#8221;full&#8221;][vc_empty_space height=&#8221;50px&#8221;][\/vc_column][\/vc_row][vc_row][vc_column width=&#8221;1\/2&#8243;][vc_column_text] \u00c9diteur du site Ce site est \u00e9dit\u00e9 par la communaut\u00e9 de [&hellip;]\" \/>\n<meta property=\"og:url\" content=\"https:\/\/www.explore-oleron.com\/en\/mentions-legales\/\" \/>\n<meta property=\"og:site_name\" content=\"Explore Ol\u00e9ron\" \/>\n<meta property=\"article:modified_time\" content=\"2022-07-04T09:54:20+00:00\" \/>\n<meta name=\"twitter:card\" content=\"summary_large_image\" \/>\n<meta name=\"twitter:label1\" content=\"Est. reading time\" \/>\n\t<meta name=\"twitter:data1\" content=\"8 minutes\" \/>\n<script type=\"application\/ld+json\" class=\"yoast-schema-graph\">{\"@context\":\"https:\\\/\\\/schema.org\",\"@graph\":[{\"@type\":\"WebPage\",\"@id\":\"https:\\\/\\\/www.explore-oleron.com\\\/en\\\/mentions-legales\\\/\",\"url\":\"https:\\\/\\\/www.explore-oleron.com\\\/en\\\/mentions-legales\\\/\",\"name\":\"Legal notice - Explore Ol\u00e9ron\",\"isPartOf\":{\"@id\":\"https:\\\/\\\/www.explore-oleron.com\\\/en\\\/#website\"},\"datePublished\":\"2022-06-08T13:28:35+00:00\",\"dateModified\":\"2022-07-04T09:54:20+00:00\",\"breadcrumb\":{\"@id\":\"https:\\\/\\\/www.explore-oleron.com\\\/en\\\/mentions-legales\\\/#breadcrumb\"},\"inLanguage\":\"en-US\",\"potentialAction\":[{\"@type\":\"ReadAction\",\"target\":[\"https:\\\/\\\/www.explore-oleron.com\\\/en\\\/mentions-legales\\\/\"]}]},{\"@type\":\"BreadcrumbList\",\"@id\":\"https:\\\/\\\/www.explore-oleron.com\\\/en\\\/mentions-legales\\\/#breadcrumb\",\"itemListElement\":[{\"@type\":\"ListItem\",\"position\":1,\"name\":\"Welcome\",\"item\":\"https:\\\/\\\/www.explore-oleron.com\\\/en\\\/welcome\\\/\"},{\"@type\":\"ListItem\",\"position\":2,\"name\":\"Legal notice\"}]},{\"@type\":\"WebSite\",\"@id\":\"https:\\\/\\\/www.explore-oleron.com\\\/en\\\/#website\",\"url\":\"https:\\\/\\\/www.explore-oleron.com\\\/en\\\/\",\"name\":\"Explore Ol\u00e9ron\",\"description\":\"\",\"potentialAction\":[{\"@type\":\"SearchAction\",\"target\":{\"@type\":\"EntryPoint\",\"urlTemplate\":\"https:\\\/\\\/www.explore-oleron.com\\\/en\\\/?s={search_term_string}\"},\"query-input\":{\"@type\":\"PropertyValueSpecification\",\"valueRequired\":true,\"valueName\":\"search_term_string\"}}],\"inLanguage\":\"en-US\"}]}<\/script>\n<!-- \/ Yoast SEO plugin. -->","yoast_head_json":{"title":"Legal notice - Explore Ol\u00e9ron","robots":{"index":"index","follow":"follow","max-snippet":"max-snippet:-1","max-image-preview":"max-image-preview:large","max-video-preview":"max-video-preview:-1"},"canonical":"https:\/\/www.explore-oleron.com\/en\/mentions-legales\/","og_locale":"en_US","og_type":"article","og_title":"Legal notice - Explore Ol\u00e9ron","og_description":"[vc_row full_width=&#8221;stretch_row_content&#8221;][vc_column][vc_empty_space height=&#8221;50px&#8221;][vc_single_image image=&#8221;194&#8243; img_size=&#8221;full&#8221;][vc_empty_space height=&#8221;50px&#8221;][\/vc_column][\/vc_row][vc_row][vc_column width=&#8221;1\/2&#8243;][vc_column_text] \u00c9diteur du site Ce site est \u00e9dit\u00e9 par la communaut\u00e9 de [&hellip;]","og_url":"https:\/\/www.explore-oleron.com\/en\/mentions-legales\/","og_site_name":"Explore Ol\u00e9ron","article_modified_time":"2022-07-04T09:54:20+00:00","twitter_card":"summary_large_image","twitter_misc":{"Est. reading time":"8 minutes"},"schema":{"@context":"https:\/\/schema.org","@graph":[{"@type":"WebPage","@id":"https:\/\/www.explore-oleron.com\/en\/mentions-legales\/","url":"https:\/\/www.explore-oleron.com\/en\/mentions-legales\/","name":"Legal notice - Explore Ol\u00e9ron","isPartOf":{"@id":"https:\/\/www.explore-oleron.com\/en\/#website"},"datePublished":"2022-06-08T13:28:35+00:00","dateModified":"2022-07-04T09:54:20+00:00","breadcrumb":{"@id":"https:\/\/www.explore-oleron.com\/en\/mentions-legales\/#breadcrumb"},"inLanguage":"en-US","potentialAction":[{"@type":"ReadAction","target":["https:\/\/www.explore-oleron.com\/en\/mentions-legales\/"]}]},{"@type":"BreadcrumbList","@id":"https:\/\/www.explore-oleron.com\/en\/mentions-legales\/#breadcrumb","itemListElement":[{"@type":"ListItem","position":1,"name":"Welcome","item":"https:\/\/www.explore-oleron.com\/en\/welcome\/"},{"@type":"ListItem","position":2,"name":"Legal notice"}]},{"@type":"WebSite","@id":"https:\/\/www.explore-oleron.com\/en\/#website","url":"https:\/\/www.explore-oleron.com\/en\/","name":"Explore Ol\u00e9ron","description":"","potentialAction":[{"@type":"SearchAction","target":{"@type":"EntryPoint","urlTemplate":"https:\/\/www.explore-oleron.com\/en\/?s={search_term_string}"},"query-input":{"@type":"PropertyValueSpecification","valueRequired":true,"valueName":"search_term_string"}}],"inLanguage":"en-US"}]}},"_links":{"self":[{"href":"https:\/\/www.explore-oleron.com\/en\/wp-json\/wp\/v2\/pages\/972","targetHints":{"allow":["GET"]}}],"collection":[{"href":"https:\/\/www.explore-oleron.com\/en\/wp-json\/wp\/v2\/pages"}],"about":[{"href":"https:\/\/www.explore-oleron.com\/en\/wp-json\/wp\/v2\/types\/page"}],"author":[{"embeddable":true,"href":"https:\/\/www.explore-oleron.com\/en\/wp-json\/wp\/v2\/users\/1"}],"replies":[{"embeddable":true,"href":"https:\/\/www.explore-oleron.com\/en\/wp-json\/wp\/v2\/comments?post=972"}],"version-history":[{"count":3,"href":"https:\/\/www.explore-oleron.com\/en\/wp-json\/wp\/v2\/pages\/972\/revisions"}],"predecessor-version":[{"id":1088,"href":"https:\/\/www.explore-oleron.com\/en\/wp-json\/wp\/v2\/pages\/972\/revisions\/1088"}],"wp:attachment":[{"href":"https:\/\/www.explore-oleron.com\/en\/wp-json\/wp\/v2\/media?parent=972"}],"curies":[{"name":"wp","href":"https:\/\/api.w.org\/{rel}","templated":true}]}}